{"id":2757,"date":"2020-04-28T03:40:04","date_gmt":"2020-04-28T03:40:04","guid":{"rendered":"https:\/\/cavecaloz.ch\/degustation\/"},"modified":"2026-03-16T15:46:34","modified_gmt":"2026-03-16T15:46:34","slug":"degustation","status":"publish","type":"page","link":"https:\/\/cavecaloz.ch\/de\/degustation\/","title":{"rendered":"DEGUSTATION"},"content":{"rendered":"<div class=\"wpb-content-wrapper\"><p>[vc_row type=&#8220;full-nopad&#8220;][vc_column]\n\t\t\t\t<p class=\"rs-p-wp-fix\"><\/p>\n\t\t\t\t<sr7-module data-alias=\"degustation-slider-de\" data-id=\"5\" id=\"SR7_5_1\" data-version=\"6.7.51\">\n\t\t\t\t\t<sr7-adjuster><\/sr7-adjuster>\n\t\t\t\t\t<sr7-content>\n\t\t\t\t\t\t<sr7-slide id=\"SR7_5_1-10\" data-key=\"10\">\n\t\t\t\t\t\t\t<sr7-bg id=\"SR7_5_1-10-slidebg\" class=\"sr7-layer\"><noscript><img decoding=\"async\" src=\"https:\/\/cavecaloz.ch\/wp-content\/uploads\/2020\/04\/IMG1.jpg\" alt=\"\" title=\"IMG1\"><\/noscript><\/sr7-bg>\n\t\t\t\t\t\t\t<h1 id=\"SR7_5_1-10-0\" class=\"sr7-layer\">Teilen gibt Emotionen Raum<\/h1>\n\t\t\t\t\t\t<\/sr7-slide>\n\t\t\t\t\t\t<sr7-slide id=\"SR7_5_1-18\" data-key=\"18\">\n\t\t\t\t\t\t<\/sr7-slide>\n\t\t\t\t\t<\/sr7-content>\n\t\t\t\t<\/sr7-module>\n\t\t\t\t<script>\n\t\t\t\t\twindow.SR7 ??={};SR7.PMH ??={}; SR7.PMH[\"SR7_5_1\"] = {cn:100,state:false,fn: function() { if (window._tpt!==undefined && window._tpt.prepareModuleHeight !== undefined) {  _tpt.prepareModuleHeight({id:\"SR7_5_1\",el:[550,768,345,213],type:'standard',shdw:'0',gh:[550,454,345,213],gw:[1240,1024,778,480],vpt:['-200px'],size:{fullWidth:true, fullHeight:false},mh:'0',onh:0,onw:0,bg:{color:'transparent'},plType:'0',plColor:'#ffffff'});   SR7.PMH[\"SR7_5_1\"].state=true;} else if(SR7.PMH[\"SR7_5_1\"].cn-->0)\tsetTimeout( SR7.PMH[\"SR7_5_1\"].fn,19);}};SR7.PMH[\"SR7_5_1\" ].fn();\n\t\t\t\t<\/script>\n[\/vc_column][\/vc_row][vc_row type=&#8220;boxed&#8220; el_class=&#8220;cavecaloz-row custom-width-1024&#8243;][vc_column width=&#8220;1\/3&#8243; offset=&#8220;vc_col-lg-2 vc_col-md-2&#8243; el_class=&#8220;aos fade-up&#8220;][vc_custom_heading text=&#8220;9. April 2026&#8243; use_theme_fonts=&#8220;yes&#8220;][\/vc_column][vc_column css_animation=&#8220;none&#8220; width=&#8220;2\/3&#8243; offset=&#8220;vc_col-lg-offset-2 vc_col-md-offset-2&#8243; el_class=&#8220;aos fade-up&#8220;][vc_column_text]<\/p>\n<h3><strong>Degustation der Walliser Selbstkelterer in Bern<\/strong><\/h3>\n<p>[\/vc_column_text][vc_empty_space height=&#8220;20px&#8220;][vc_column_text css=&#8220;.vc_custom_1773675907408{padding-bottom: 50px !important;}&#8220;]Wir freuen uns darauf, Ihnen einen Teil unseres Jahrgangs 2026 in Bern am 9. April 2026 von 16:00 bis 21:00 Uhr im Bellevue Palace Kochergasse 2-5 vorzustellen. Freier Eintritt[\/vc_column_text]\r\n\t\t\t<div class=\"nm_btn_align_left\">\r\n\t\t\t\t<a href=\"https:\/\/www.vignerons-encaveurs-valais.ch\/de.home\" class=\"nm_btn nm_btn_xs nm_btn_filled_rounded\" title=\"uvev.ch\/\">\r\n\t\t\t\t\t<span class=\"nm_btn_title\">uvev.ch<\/span>\r\n\t\t\t\t\t<span class=\"nm_btn_bg\" style=\"background-color:#b91733;\"><\/span>\r\n\t\t\t\t<\/a>\r\n\t\t\t<\/div>[\/vc_column][\/vc_row][vc_row type=&#8220;boxed&#8220;][vc_column][vc_separator border_width=&#8220;2&#8243; accent_color=&#8220;#d4d4d4&#8243;][\/vc_column][\/vc_row][vc_row type=&#8220;boxed&#8220; el_class=&#8220;cavecaloz-row custom-width-1024&#8243;][vc_column width=&#8220;1\/3&#8243; offset=&#8220;vc_col-lg-2 vc_col-md-2&#8243; el_class=&#8220;aos fade-up&#8220;][vc_custom_heading text=&#8220;23. April 2026&#8243; use_theme_fonts=&#8220;yes&#8220;][\/vc_column][vc_column css_animation=&#8220;none&#8220; width=&#8220;2\/3&#8243; offset=&#8220;vc_col-lg-offset-2 vc_col-md-offset-2&#8243; el_class=&#8220;aos fade-up&#8220;][vc_column_text]<\/p>\n<h3><strong>Degustation der Walliser Selbstkelterer in Z\u00fcrich<\/strong><\/h3>\n<p>[\/vc_column_text][vc_empty_space height=&#8220;20px&#8220;][vc_column_text css=&#8220;.vc_custom_1773675900245{padding-bottom: 50px !important;}&#8220;]Wir freuen uns darauf, Ihnen einen Teil unseres Jahrgangs 2026 in Z\u00fcrich am 23. April 2026 von 16:00 bis 21:00 Uhr im Theaterhaus Gessnerallee vorzustellen. Freier Eintritt[\/vc_column_text]\r\n\t\t\t<div class=\"nm_btn_align_left\">\r\n\t\t\t\t<a href=\"https:\/\/www.vignerons-encaveurs-valais.ch\/de.home\" class=\"nm_btn nm_btn_xs nm_btn_filled_rounded\" title=\"uvev.ch\/\">\r\n\t\t\t\t\t<span class=\"nm_btn_title\">uvev.ch<\/span>\r\n\t\t\t\t\t<span class=\"nm_btn_bg\" style=\"background-color:#b91733;\"><\/span>\r\n\t\t\t\t<\/a>\r\n\t\t\t<\/div>[\/vc_column][\/vc_row][vc_row type=&#8220;boxed&#8220;][vc_column][vc_separator border_width=&#8220;2&#8243; accent_color=&#8220;#d4d4d4&#8243;][\/vc_column][\/vc_row][vc_row type=&#8220;boxed&#8220; el_class=&#8220;cavecaloz-row custom-width-1024&#8243;][vc_column width=&#8220;1\/3&#8243; offset=&#8220;vc_col-lg-2 vc_col-md-2&#8243; el_class=&#8220;aos fade-up&#8220;][vc_custom_heading text=&#8220;14-15-16. Mai 2026&#8243; use_theme_fonts=&#8220;yes&#8220;][\/vc_column][vc_column css_animation=&#8220;none&#8220; width=&#8220;2\/3&#8243; offset=&#8220;vc_col-lg-offset-2 vc_col-md-offset-2&#8243; el_class=&#8220;aos fade-up&#8220;][vc_column_text]<\/p>\n<h3><strong>Offene Weinkeller im Wallis<\/strong><\/h3>\n<p>[\/vc_column_text][vc_empty_space height=&#8220;20px&#8220;][vc_column_text css=&#8220;.vc_custom_1773675953385{padding-bottom: 50px !important;}&#8220;]Von 14. bis 16. Mai 2026 laden die Winzerinnen und Winzer des Wallis Sie zwischen 11:00 und 18:00 Uhr zu sich ein. W\u00e4hrend 3 Tagen erwarten Sie traumhafte Genuss- und Gl\u00fccksmomente, die Sie garantiert in allerbeste Stimmung versetzen werden. Ein vergn\u00fcgliches Intermezzo, das einen die Zeit vergessen l\u00e4sst. Wenn sich der Zauber ihrer Weinwelten offenbart, ist das reine Freude. W\u00e4hrend unseres Himmelfahrtswochenendes werden wir ganz in diese Welten eintauchen, Erinnerungen wachrufen, alle Sinne verw\u00f6hnen und Emotionen freisetzen.[\/vc_column_text]\r\n\t\t\t<div class=\"nm_btn_align_left\">\r\n\t\t\t\t<a href=\"https:\/\/www.offene-weinkeller-wallis.ch\/\" class=\"nm_btn nm_btn_xs nm_btn_filled_rounded\" title=\"offene-weinkeller-wallis.ch\"target=\"_blank\">\r\n\t\t\t\t\t<span class=\"nm_btn_title\">offene-weinkeller-wallis.ch<\/span>\r\n\t\t\t\t\t<span class=\"nm_btn_bg\" style=\"background-color:#b91733;\"><\/span>\r\n\t\t\t\t<\/a>\r\n\t\t\t<\/div>[\/vc_column][\/vc_row][vc_row type=&#8220;boxed&#8220;][vc_column][vc_separator border_width=&#8220;2&#8243; accent_color=&#8220;#d4d4d4&#8243;][\/vc_column][\/vc_row][vc_row type=&#8220;boxed&#8220; el_class=&#8220;cavecaloz-row custom-width-1024&#8243;][vc_column width=&#8220;1\/3&#8243; offset=&#8220;vc_col-lg-2 vc_col-md-2&#8243; el_class=&#8220;aos fade-up&#8220;][vc_custom_heading text=&#8220;4. Mai 2026&#8243; use_theme_fonts=&#8220;yes&#8220;][\/vc_column][vc_column css_animation=&#8220;none&#8220; width=&#8220;2\/3&#8243; offset=&#8220;vc_col-lg-offset-2 vc_col-md-offset-2&#8243; el_class=&#8220;aos fade-up&#8220;][vc_column_text]<\/p>\n<h3><strong>Les Glorieuses Martigny<\/strong><\/h3>\n<p>[\/vc_column_text][vc_empty_space height=&#8220;20px&#8220;][vc_column_text css=&#8220;.vc_custom_1677836047606{padding-bottom: 50px !important;}&#8220;]Die Verkostung ist Akteuren der Gastronomie vorbehalten und nur nach Anmeldung unter folgender Adresse m\u00f6glich: <a href=\"mailto:info@lesglorieuses.ch\">info@lesglorieuses.ch<\/a>[\/vc_column_text]\r\n\t\t\t<div class=\"nm_btn_align_left\">\r\n\t\t\t\t<a href=\"https:\/\/www.lesglorieuses.ch\/de\/\" class=\"nm_btn nm_btn_xs nm_btn_filled_rounded\" title=\"lesglorieuses.ch\"target=\"_blank\">\r\n\t\t\t\t\t<span class=\"nm_btn_title\">lesglorieuses.ch<\/span>\r\n\t\t\t\t\t<span class=\"nm_btn_bg\" style=\"background-color:#b91733;\"><\/span>\r\n\t\t\t\t<\/a>\r\n\t\t\t<\/div>[\/vc_column][\/vc_row][vc_row type=&#8220;boxed&#8220;][vc_column][vc_separator border_width=&#8220;2&#8243; accent_color=&#8220;#d4d4d4&#8243;][\/vc_column][\/vc_row][vc_row type=&#8220;boxed&#8220; el_class=&#8220;cavecaloz-row custom-width-1024&#8243;][vc_column width=&#8220;1\/3&#8243; offset=&#8220;vc_col-lg-2 vc_col-md-2&#8243; el_class=&#8220;aos fade-up&#8220;][vc_custom_heading text=&#8220;31. August 2026&#8243; use_theme_fonts=&#8220;yes&#8220;][\/vc_column][vc_column css_animation=&#8220;none&#8220; width=&#8220;2\/3&#8243; offset=&#8220;vc_col-lg-offset-2 vc_col-md-offset-2&#8243; el_class=&#8220;aos fade-up&#8220;][vc_column_text]<\/p>\n<h3><strong>Swiss Wine Tasting<\/strong><\/h3>\n<p>[\/vc_column_text][vc_empty_space height=&#8220;20px&#8220;][vc_column_text css=&#8220;.vc_custom_1739728656563{padding-bottom: 50px !important;}&#8220;]Ausstellung von \u00fcber hundert Schweizer Kellereien.<\/p>\n<p>Kunsthaus Z\u00fcrich[\/vc_column_text]\r\n\t\t\t<div class=\"nm_btn_align_left\">\r\n\t\t\t\t<a href=\"http:\/\/swiss-wine-tasting.ch\" class=\"nm_btn nm_btn_xs nm_btn_filled_rounded\" title=\"swiss-wine-tasting.ch\"target=\"_blank\">\r\n\t\t\t\t\t<span class=\"nm_btn_title\">swiss-wine-tasting.ch<\/span>\r\n\t\t\t\t\t<span class=\"nm_btn_bg\" style=\"background-color:#b91733;\"><\/span>\r\n\t\t\t\t<\/a>\r\n\t\t\t<\/div>[\/vc_column][\/vc_row][vc_row type=&#8220;boxed&#8220;][vc_column][vc_separator border_width=&#8220;2&#8243; accent_color=&#8220;#d4d4d4&#8243;][\/vc_column][\/vc_row][vc_row type=&#8220;boxed&#8220; disable_element=&#8220;yes&#8220; el_class=&#8220;cavecaloz-row custom-width-1024&#8243;][vc_column width=&#8220;1\/3&#8243; offset=&#8220;vc_col-lg-2 vc_col-md-2&#8243; el_class=&#8220;aos fade-up&#8220;][vc_custom_heading text=&#8220;13. und 20.<br \/>\nDezember 2023&#8243; use_theme_fonts=&#8220;yes&#8220;][\/vc_column][vc_column css_animation=&#8220;none&#8220; width=&#8220;2\/3&#8243; offset=&#8220;vc_col-lg-offset-2 vc_col-md-offset-2&#8243; el_class=&#8220;aos fade-up&#8220;][vc_column_text]<\/p>\n<h3>Offene Weinkeller im Dezember<\/h3>\n<p>[\/vc_column_text][vc_empty_space height=&#8220;20px&#8220;][vc_column_text css=&#8220;.vc_custom_1765487158268{padding-bottom: 50px !important;}&#8220;]Die Weine des Jahrgangs 2025 machen sich im Keller auf den Weg und bereiten sich auf den Fr\u00fchling vor.<\/p>\n<p>In der Zwischenzeit laden wir Sie herzlich zu unseren Tagen der offenen T\u00fcr am Samstag, den 13. und 20. Dezember, von 10:30 bis 18:00 Uhr direkt in der Kellerei ein.<\/p>\n<p>[\/vc_column_text][\/vc_column][\/vc_row][vc_row type=&#8220;boxed&#8220; disable_element=&#8220;yes&#8220;][vc_column][vc_separator border_width=&#8220;2&#8243; accent_color=&#8220;#d4d4d4&#8243;][\/vc_column][\/vc_row][vc_row type=&#8220;boxed&#8220; el_class=&#8220;cavecaloz-row custom-width-1024&#8243;][vc_column width=&#8220;1\/3&#8243; offset=&#8220;vc_col-lg-2 vc_col-md-2&#8243; el_class=&#8220;aos fade-up&#8220;][vc_custom_heading text=&#8220;Massgeschneiderte Besichtigung und Degustation&#8220; use_theme_fonts=&#8220;yes&#8220;][\/vc_column][vc_column css_animation=&#8220;none&#8220; width=&#8220;2\/3&#8243; offset=&#8220;vc_col-lg-offset-2 vc_col-md-offset-2&#8243; el_class=&#8220;aos fade-up&#8220;][vc_column_text css=&#8220;.vc_custom_1597662257574{padding-bottom: 50px !important;}&#8220;]Wir empfangen Sie gerne in unserem neuen Degustationsraum, ausschliesslich auf Voranmeldung von Montag bis Freitag von 9 bis 12 Uhr und von 13 bis 17 Uhr sowie samstags von 9 bis 12 Uhr. Unser Degustationsraum bietet Platz f\u00fcr bis zu 15 Personen. Kontaktieren Sie uns gerne f\u00fcr weitere Informationen. Wir freuen uns schon darauf, unsere Leidenschaft mit Ihnen zu teilen.<\/p>\n<p>079 410 77 47[\/vc_column_text]\r\n\t\t\t<div class=\"nm_btn_align_left\">\r\n\t\t\t\t<a href=\"https:\/\/cavecaloz.ch\/de\/kontakt\/\" class=\"nm_btn nm_btn_xs nm_btn_filled_rounded\" title=\"cave\">\r\n\t\t\t\t\t<span class=\"nm_btn_title\">Entdecken Sie den Keller<\/span>\r\n\t\t\t\t\t<span class=\"nm_btn_bg\" style=\"background-color:#b91733;\"><\/span>\r\n\t\t\t\t<\/a>\r\n\t\t\t<\/div>[\/vc_column][\/vc_row][vc_row type=&#8220;boxed&#8220; disable_element=&#8220;yes&#8220; el_class=&#8220;cavecaloz-row custom-width-1024&#8243;][vc_column width=&#8220;1\/3&#8243; offset=&#8220;vc_col-lg-2 vc_col-md-2&#8243; el_class=&#8220;aos fade-up&#8220;][vc_custom_heading text=&#8220;30. November,<br \/>\n7. und 14. Dezember<br \/>\n2024&#8243; use_theme_fonts=&#8220;yes&#8220;][\/vc_column][vc_column css_animation=&#8220;none&#8220; width=&#8220;2\/3&#8243; offset=&#8220;vc_col-lg-offset-2 vc_col-md-offset-2&#8243; el_class=&#8220;aos fade-up&#8220;][vc_column_text css=&#8220;.vc_custom_1732265171526{padding-bottom: 50px !important;}&#8220;]<span lang=\"DE-CH\">Wir w\u00fcnschen Ihnen jetzt schon sch\u00f6ne Feiertage und laden Sie zu unseren offenen T\u00fcren an den Samstagen vom 30. November, 7. und 14. Dezember von 10 Uhr bis 19 Uhr ein. Gerne empfangen wir Sie auch nach Vereinbarung!<\/span>[\/vc_column_text][\/vc_column][\/vc_row][vc_row type=&#8220;boxed&#8220; disable_element=&#8220;yes&#8220; el_class=&#8220;cavecaloz-row custom-width-1024&#8243;][vc_column width=&#8220;1\/3&#8243; offset=&#8220;vc_col-lg-2 vc_col-md-2&#8243; el_class=&#8220;aos fade-up&#8220;][vc_custom_heading text=&#8220;28. Juni 2025&#8243; use_theme_fonts=&#8220;yes&#8220;][\/vc_column][vc_column css_animation=&#8220;none&#8220; width=&#8220;2\/3&#8243; offset=&#8220;vc_col-lg-offset-2 vc_col-md-offset-2&#8243; el_class=&#8220;aos fade-up&#8220;][vc_column_text]<\/p>\n<h3><strong>La f\u00eate des Vigneronnes<\/strong><\/h3>\n<p>[\/vc_column_text][vc_empty_space height=&#8220;20px&#8220;][vc_column_text css=&#8220;.vc_custom_1739728535427{padding-bottom: 50px !important;}&#8220;]Jetzt geht&#8217;s los! Wir freuen uns darauf, Ihnen unsere Weine in einer gem\u00fctlichen Atmosph\u00e4re mit mehreren unserer Winzerkolleginnen im Caf\u00e9 de Grancy in Lausanne zu degustieren. Weitere Informationen auf der Website des Winzerinnenfests![\/vc_column_text]\r\n\t\t\t<div class=\"nm_btn_align_left\">\r\n\t\t\t\t<a href=\"https:\/\/lafetedesvigneronnes.ch\/\" class=\"nm_btn nm_btn_xs nm_btn_filled_rounded\" title=\"lafetedesvigneronnes.ch\"target=\"_blank\">\r\n\t\t\t\t\t<span class=\"nm_btn_title\">lafetedesvigneronnes.ch<\/span>\r\n\t\t\t\t\t<span class=\"nm_btn_bg\" style=\"background-color:#b91733;\"><\/span>\r\n\t\t\t\t<\/a>\r\n\t\t\t<\/div>[\/vc_column][\/vc_row][vc_row type=&#8220;boxed&#8220; disable_element=&#8220;yes&#8220; el_class=&#8220;cavecaloz-row custom-width-1024&#8243;][vc_column width=&#8220;1\/3&#8243; offset=&#8220;vc_col-lg-2 vc_col-md-2&#8243; el_class=&#8220;aos fade-up&#8220;][vc_custom_heading text=&#8220;13-14. Mai 2023&#8243; use_theme_fonts=&#8220;yes&#8220;][\/vc_column][vc_column css_animation=&#8220;none&#8220; width=&#8220;2\/3&#8243; offset=&#8220;vc_col-lg-offset-2 vc_col-md-offset-2&#8243; el_class=&#8220;aos fade-up&#8220;][vc_column_text]<\/p>\n<h3><strong>Biovino Messe f\u00fcr Schweizer Bio-Weine<\/strong><\/h3>\n<p>[\/vc_column_text][vc_empty_space height=&#8220;20px&#8220;][vc_column_text css=&#8220;.vc_custom_1677836139928{padding-bottom: 50px !important;}&#8220;]Wir nehmen zusammen mit unseren Kolleginnen und Freundinnen von den Handwerkerinnen der Rebe und des Weins www.artisanes.ch am Salon des Vins Suisses Bio in Moudon am 13. und 14. Mai 2023 teil. Wir werden von 10 bis 17 Uhr in der Salle de la Douane anwesend sein.[\/vc_column_text]\r\n\t\t\t<div class=\"nm_btn_align_left\">\r\n\t\t\t\t<a href=\"https:\/\/www.bio-agri.ch\/bio-vino\" class=\"nm_btn nm_btn_xs nm_btn_filled_rounded\" title=\"bio-agri.ch\/\"target=\"_blank\">\r\n\t\t\t\t\t<span class=\"nm_btn_title\">biovino.ch<\/span>\r\n\t\t\t\t\t<span class=\"nm_btn_bg\" style=\"background-color:#b91733;\"><\/span>\r\n\t\t\t\t<\/a>\r\n\t\t\t<\/div>[\/vc_column][\/vc_row][vc_row type=&#8220;boxed&#8220; disable_element=&#8220;yes&#8220; el_class=&#8220;cavecaloz-row custom-width-1024&#8243;][vc_column width=&#8220;1\/3&#8243; offset=&#8220;vc_col-lg-2 vc_col-md-2&#8243; el_class=&#8220;aos fade-up&#8220;][vc_custom_heading text=&#8220;1-2. September 2023&#8243; use_theme_fonts=&#8220;yes&#8220;][\/vc_column][vc_column css_animation=&#8220;none&#8220; width=&#8220;2\/3&#8243; offset=&#8220;vc_col-lg-offset-2 vc_col-md-offset-2&#8243; el_class=&#8220;aos fade-up&#8220;][vc_column_text]<\/p>\n<h3><strong>Planscher Festival<\/strong><\/h3>\n<p>[\/vc_column_text][vc_empty_space height=&#8220;20px&#8220;][vc_column_text css=&#8220;.vc_custom_1677836469993{padding-bottom: 50px !important;}&#8220;]Am 1. und 2. September haben wir die Freude, am Planscher-Festival in Z\u00fcrich teilzunehmen. Kommen Sie und probieren Sie einige Gew\u00e4chse aus unserem Sortiment in einer sehr entspannten Atmosph\u00e4re.<\/p>\n<p>Weitere Informationen und Tickets unter: <a href=\"https:\/\/www.planscher.ch\/\">https:\/\/www.planscher.ch\/<\/a>[\/vc_column_text]\r\n\t\t\t<div class=\"nm_btn_align_left\">\r\n\t\t\t\t<a href=\"https:\/\/www.planscher.ch\/\" class=\"nm_btn nm_btn_xs nm_btn_filled_rounded\" title=\"planscher.ch\/\"target=\"_blank\">\r\n\t\t\t\t\t<span class=\"nm_btn_title\">planscher.ch<\/span>\r\n\t\t\t\t\t<span class=\"nm_btn_bg\" style=\"background-color:#b91733;\"><\/span>\r\n\t\t\t\t<\/a>\r\n\t\t\t<\/div>[\/vc_column][\/vc_row][vc_row type=&#8220;boxed&#8220; disable_element=&#8220;yes&#8220; el_class=&#8220;cavecaloz-row custom-width-1024&#8243; css=&#8220;.vc_custom_1701154400822{padding-bottom: 0px !important;background-position: center !important;background-repeat: no-repeat !important;background-size: contain !important;}&#8220;][vc_column el_class=&#8220;aos fade-up&#8220;][zo_grid col_xs=&#8220;1&#8243; col_sm=&#8220;1&#8243; col_md=&#8220;1&#8243; col_lg=&#8220;1&#8243; display_pagination=&#8220;1&#8243; item_gap=&#8220;&#8220; title_link=&#8220;0&#8243; num_words=&#8220;100&#8243; source=&#8220;size:4|order_by:date|order:DESC|post_type:degustations&#8220; zo_template=&#8220;zo_grid&#8211;cavecaloz_degustation.php&#8220;][\/vc_column][\/vc_row]<\/p>\n<\/div>","protected":false},"excerpt":{"rendered":"<p>[vc_row type=&#8220;full-nopad&#8220;][vc_column][\/vc_column][\/vc_row][vc_row type=&#8220;boxed&#8220; el_class=&#8220;cavecaloz-row custom-width-1024&#8243;][vc_column width=&#8220;1\/3&#8243; offset=&#8220;vc_col-lg-2 vc_col-md-2&#8243; el_class=&#8220;aos fade-up&#8220;][vc_custom_heading text=&#8220;9. April 2026&#8243; use_theme_fonts=&#8220;yes&#8220;][\/vc_column][vc_column css_animation=&#8220;none&#8220; width=&#8220;2\/3&#8243; offset=&#8220;vc_col-lg-offset-2 vc_col-md-offset-2&#8243; el_class=&#8220;aos fade-up&#8220;][vc_column_text] Degustation der Walliser Selbstkelterer in Bern [\/vc_column_text][vc_empty_space height=&#8220;20px&#8220;][vc_column_text css=&#8220;.vc_custom_1773675907408{padding-bottom: 50px !important;}&#8220;]Wir freuen uns darauf, Ihnen einen Teil unseres Jahrgangs 2026 in Bern am 9. April 2026 von 16:00 bis 21:00 Uhr im Bellevue Palace Kochergasse &hellip;<\/p>\n","protected":false},"author":1,"featured_media":0,"parent":0,"menu_order":0,"comment_status":"closed","ping_status":"closed","template":"templates\/page-full.php","meta":{"footnotes":""},"class_list":["post-2757","page","type-page","status-publish","hentry"],"yoast_head":"<!-- This site is optimized with the Yoast SEO plugin v27.4 - https:\/\/yoast.com\/product\/yoast-seo-wordpress\/ -->\n<title>Cave Caloz | Vigneron-encaveur, artisan du vin<\/title>\n<meta name=\"description\" content=\"Vigneron-encaveur, artisan du vin\" \/>\n<meta name=\"robots\" content=\"index, follow, max-snippet:-1, max-image-preview:large, max-video-preview:-1\" \/>\n<link rel=\"canonical\" href=\"https:\/\/cavecaloz.ch\/de\/degustation\/\" \/>\n<meta property=\"og:locale\" content=\"de_DE\" \/>\n<meta property=\"og:type\" content=\"article\" \/>\n<meta property=\"og:title\" content=\"Cave Caloz | Vigneron-encaveur, artisan du vin\" \/>\n<meta property=\"og:description\" content=\"Vigneron-encaveur, artisan du vin\" \/>\n<meta property=\"og:url\" content=\"https:\/\/cavecaloz.ch\/de\/degustation\/\" \/>\n<meta property=\"og:site_name\" content=\"Cavecaloz\" \/>\n<meta property=\"article:modified_time\" content=\"2026-03-16T15:46:34+00:00\" \/>\n<meta name=\"twitter:card\" content=\"summary_large_image\" \/>\n<meta name=\"twitter:label1\" content=\"Gesch\u00e4tzte Lesezeit\" \/>\n\t<meta name=\"twitter:data1\" content=\"5\u00a0Minuten\" \/>\n<script type=\"application\/ld+json\" class=\"yoast-schema-graph\">{\"@context\":\"https:\\\/\\\/schema.org\",\"@graph\":[{\"@type\":\"WebPage\",\"@id\":\"https:\\\/\\\/cavecaloz.ch\\\/de\\\/degustation\\\/\",\"url\":\"https:\\\/\\\/cavecaloz.ch\\\/de\\\/degustation\\\/\",\"name\":\"Cave Caloz | Vigneron-encaveur, artisan du vin\",\"isPartOf\":{\"@id\":\"https:\\\/\\\/cavecaloz.ch\\\/de\\\/#website\"},\"datePublished\":\"2020-04-28T03:40:04+00:00\",\"dateModified\":\"2026-03-16T15:46:34+00:00\",\"description\":\"Vigneron-encaveur, artisan du vin\",\"breadcrumb\":{\"@id\":\"https:\\\/\\\/cavecaloz.ch\\\/de\\\/degustation\\\/#breadcrumb\"},\"inLanguage\":\"de\",\"potentialAction\":[{\"@type\":\"ReadAction\",\"target\":[\"https:\\\/\\\/cavecaloz.ch\\\/de\\\/degustation\\\/\"]}]},{\"@type\":\"BreadcrumbList\",\"@id\":\"https:\\\/\\\/cavecaloz.ch\\\/de\\\/degustation\\\/#breadcrumb\",\"itemListElement\":[{\"@type\":\"ListItem\",\"position\":1,\"name\":\"Accueil\",\"item\":\"https:\\\/\\\/cavecaloz.ch\\\/de\\\/\"},{\"@type\":\"ListItem\",\"position\":2,\"name\":\"DEGUSTATION\"}]},{\"@type\":\"WebSite\",\"@id\":\"https:\\\/\\\/cavecaloz.ch\\\/de\\\/#website\",\"url\":\"https:\\\/\\\/cavecaloz.ch\\\/de\\\/\",\"name\":\"Cavecaloz\",\"description\":\"Vigneron-encaveur, artisan du vin\",\"publisher\":{\"@id\":\"https:\\\/\\\/cavecaloz.ch\\\/de\\\/#organization\"},\"potentialAction\":[{\"@type\":\"SearchAction\",\"target\":{\"@type\":\"EntryPoint\",\"urlTemplate\":\"https:\\\/\\\/cavecaloz.ch\\\/de\\\/?s={search_term_string}\"},\"query-input\":{\"@type\":\"PropertyValueSpecification\",\"valueRequired\":true,\"valueName\":\"search_term_string\"}}],\"inLanguage\":\"de\"},{\"@type\":\"Organization\",\"@id\":\"https:\\\/\\\/cavecaloz.ch\\\/de\\\/#organization\",\"name\":\"Cave Caloz | Vigneron-encaveur, artisan du vin\",\"url\":\"https:\\\/\\\/cavecaloz.ch\\\/de\\\/\",\"logo\":{\"@type\":\"ImageObject\",\"inLanguage\":\"de\",\"@id\":\"https:\\\/\\\/cavecaloz.ch\\\/de\\\/#\\\/schema\\\/logo\\\/image\\\/\",\"url\":\"https:\\\/\\\/cavecaloz.ch\\\/wp-content\\\/uploads\\\/2020\\\/06\\\/Cave_Caloz_mouton_rgb_rose.jpg\",\"contentUrl\":\"https:\\\/\\\/cavecaloz.ch\\\/wp-content\\\/uploads\\\/2020\\\/06\\\/Cave_Caloz_mouton_rgb_rose.jpg\",\"width\":1890,\"height\":1890,\"caption\":\"Cave Caloz | Vigneron-encaveur, artisan du vin\"},\"image\":{\"@id\":\"https:\\\/\\\/cavecaloz.ch\\\/de\\\/#\\\/schema\\\/logo\\\/image\\\/\"}}]}<\/script>\n<!-- \/ Yoast SEO plugin. -->","yoast_head_json":{"title":"Cave Caloz | Vigneron-encaveur, artisan du vin","description":"Vigneron-encaveur, artisan du vin","robots":{"index":"index","follow":"follow","max-snippet":"max-snippet:-1","max-image-preview":"max-image-preview:large","max-video-preview":"max-video-preview:-1"},"canonical":"https:\/\/cavecaloz.ch\/de\/degustation\/","og_locale":"de_DE","og_type":"article","og_title":"Cave Caloz | Vigneron-encaveur, artisan du vin","og_description":"Vigneron-encaveur, artisan du vin","og_url":"https:\/\/cavecaloz.ch\/de\/degustation\/","og_site_name":"Cavecaloz","article_modified_time":"2026-03-16T15:46:34+00:00","twitter_card":"summary_large_image","twitter_misc":{"Gesch\u00e4tzte Lesezeit":"5\u00a0Minuten"},"schema":{"@context":"https:\/\/schema.org","@graph":[{"@type":"WebPage","@id":"https:\/\/cavecaloz.ch\/de\/degustation\/","url":"https:\/\/cavecaloz.ch\/de\/degustation\/","name":"Cave Caloz | Vigneron-encaveur, artisan du vin","isPartOf":{"@id":"https:\/\/cavecaloz.ch\/de\/#website"},"datePublished":"2020-04-28T03:40:04+00:00","dateModified":"2026-03-16T15:46:34+00:00","description":"Vigneron-encaveur, artisan du vin","breadcrumb":{"@id":"https:\/\/cavecaloz.ch\/de\/degustation\/#breadcrumb"},"inLanguage":"de","potentialAction":[{"@type":"ReadAction","target":["https:\/\/cavecaloz.ch\/de\/degustation\/"]}]},{"@type":"BreadcrumbList","@id":"https:\/\/cavecaloz.ch\/de\/degustation\/#breadcrumb","itemListElement":[{"@type":"ListItem","position":1,"name":"Accueil","item":"https:\/\/cavecaloz.ch\/de\/"},{"@type":"ListItem","position":2,"name":"DEGUSTATION"}]},{"@type":"WebSite","@id":"https:\/\/cavecaloz.ch\/de\/#website","url":"https:\/\/cavecaloz.ch\/de\/","name":"Cavecaloz","description":"Vigneron-encaveur, artisan du vin","publisher":{"@id":"https:\/\/cavecaloz.ch\/de\/#organization"},"potentialAction":[{"@type":"SearchAction","target":{"@type":"EntryPoint","urlTemplate":"https:\/\/cavecaloz.ch\/de\/?s={search_term_string}"},"query-input":{"@type":"PropertyValueSpecification","valueRequired":true,"valueName":"search_term_string"}}],"inLanguage":"de"},{"@type":"Organization","@id":"https:\/\/cavecaloz.ch\/de\/#organization","name":"Cave Caloz | Vigneron-encaveur, artisan du vin","url":"https:\/\/cavecaloz.ch\/de\/","logo":{"@type":"ImageObject","inLanguage":"de","@id":"https:\/\/cavecaloz.ch\/de\/#\/schema\/logo\/image\/","url":"https:\/\/cavecaloz.ch\/wp-content\/uploads\/2020\/06\/Cave_Caloz_mouton_rgb_rose.jpg","contentUrl":"https:\/\/cavecaloz.ch\/wp-content\/uploads\/2020\/06\/Cave_Caloz_mouton_rgb_rose.jpg","width":1890,"height":1890,"caption":"Cave Caloz | Vigneron-encaveur, artisan du vin"},"image":{"@id":"https:\/\/cavecaloz.ch\/de\/#\/schema\/logo\/image\/"}}]}},"_links":{"self":[{"href":"https:\/\/cavecaloz.ch\/de\/wp-json\/wp\/v2\/pages\/2757","targetHints":{"allow":["GET"]}}],"collection":[{"href":"https:\/\/cavecaloz.ch\/de\/wp-json\/wp\/v2\/pages"}],"about":[{"href":"https:\/\/cavecaloz.ch\/de\/wp-json\/wp\/v2\/types\/page"}],"author":[{"embeddable":true,"href":"https:\/\/cavecaloz.ch\/de\/wp-json\/wp\/v2\/users\/1"}],"replies":[{"embeddable":true,"href":"https:\/\/cavecaloz.ch\/de\/wp-json\/wp\/v2\/comments?post=2757"}],"version-history":[{"count":46,"href":"https:\/\/cavecaloz.ch\/de\/wp-json\/wp\/v2\/pages\/2757\/revisions"}],"predecessor-version":[{"id":10135,"href":"https:\/\/cavecaloz.ch\/de\/wp-json\/wp\/v2\/pages\/2757\/revisions\/10135"}],"wp:attachment":[{"href":"https:\/\/cavecaloz.ch\/de\/wp-json\/wp\/v2\/media?parent=2757"}],"curies":[{"name":"wp","href":"https:\/\/api.w.org\/{rel}","templated":true}]}}